{"id":1423,"date":"2021-07-22T06:43:13","date_gmt":"2021-07-22T06:43:13","guid":{"rendered":"https:\/\/pre.pereira.es\/proyectos_de_i_d_i\/mise-en-place-de-la-5g-pour-la-logistique-et-la-gestion-de-flotte\/"},"modified":"2021-07-22T06:43:13","modified_gmt":"2021-07-22T06:43:13","slug":"mise-en-place-de-la-5g-pour-la-logistique-et-la-gestion-de-flotte","status":"publish","type":"proyectos_de_i_d_i","link":"https:\/\/www.pereira.es\/fr\/proyectos_de_i_d_i\/mise-en-place-de-la-5g-pour-la-logistique-et-la-gestion-de-flotte\/","title":{"rendered":"Mise en place de la 5G pour la logistique et la gestion de flotte"},"content":{"rendered":"<section class=\"l-section wpb_row height_medium\"><div class=\"l-section-h i-cf\"><div class=\"g-cols vc_row type_default valign_top\"><div class=\"vc_col-sm-12 wpb_column vc_column_container\"><div class=\"vc_column-inner\"><div class=\"wpb_wrapper\"><div class=\"wpb_text_column us_custom_a574d586 has_text_color\" ><div class=\"wpb_wrapper\"><h2 style=\"text-align: center;\">Implementaci\u00f3n de 5G para la Log\u00edstica y Gesti\u00f3n de flotas<\/h2>\n<\/div><\/div><div class=\"w-separator size_large\"><\/div><div class=\"g-cols wpb_row  type_default valign_top vc_inner\"><div class=\"vc_col-sm-6 wpb_column vc_column_container animate_afl\"><div class=\"vc_column-inner\"><div class=\"wpb_wrapper\"><div class=\"wpb_text_column\" ><div class=\"wpb_wrapper\"><p><strong><span class=\"color-orange\">Orange y Ericsson<\/span><\/strong>\u00a0desarrollar\u00e1n para el\u00a0<strong><span class=\"color-orange\">Grupo Pereira<\/span><\/strong>\u00a0un sistema de gesti\u00f3n log\u00edstica que utilice <strong>comunicaciones 5G para veh\u00edculos de transporte alimentario<\/strong> que garanticen los tiempos de entrega y las fechas de recogida con unos estrictos m\u00e1rgenes de tiempo y condiciones ambientales, asegurando que los productos mantienen su calidad.<\/p>\n<p>La red 5G permitir\u00e1 <strong>dar soporte de forma muy eficiente<\/strong> a este tipo de comunicaciones, reduciendo los recursos de red asociados a la conexi\u00f3n de una gran cantidad de dispositivos de monitorizaci\u00f3n. Permite adem\u00e1s que los dispositivos tengan un <strong>consumo energ\u00e9tico menor<\/strong>, reduciendo el coste de instalaci\u00f3n y mantenimiento.<\/p>\n<\/div><\/div><\/div><\/div><\/div><div class=\"vc_col-sm-6 wpb_column vc_column_container\"><div class=\"vc_column-inner\"><div class=\"wpb_wrapper\"><div class=\"w-image align_center animate_afr\"><div class=\"w-image-h\"><img loading=\"lazy\" decoding=\"async\" width=\"980\" height=\"450\" src=\"https:\/\/www.pereira.es\/wp-content\/uploads\/2021\/06\/caso.jpeg\" class=\"attachment-large size-large\" alt=\"\" srcset=\"https:\/\/www.pereira.es\/wp-content\/uploads\/2021\/06\/caso.jpeg 980w, https:\/\/www.pereira.es\/wp-content\/uploads\/2021\/06\/caso-300x138.jpeg 300w\" sizes=\"auto, (max-width: 980px) 100vw, 980px\" \/><\/div><\/div><\/div><\/div><\/div><\/div><\/div><\/div><\/div><\/div><\/div><\/section><section class=\"l-section wpb_row height_medium\"><div class=\"l-section-h i-cf\"><div class=\"g-cols vc_row type_default valign_top\"><div class=\"vc_col-sm-12 wpb_column vc_column_container\"><div class=\"vc_column-inner\"><div class=\"wpb_wrapper\"><div class=\"wpb_text_column us_custom_a574d586 has_text_color\" ><div class=\"wpb_wrapper\"><h2 style=\"text-align: center;\">Beneficios del proyecto<\/h2>\n<\/div><\/div><div class=\"w-separator size_large\"><\/div><div class=\"g-cols wpb_row  type_default valign_top vc_inner\"><div class=\"vc_col-sm-3 wpb_column vc_column_container\"><div class=\"vc_column-inner\"><div class=\"wpb_wrapper\"><div class=\"w-image align_center animate_fade\"><div class=\"w-image-h\"><img loading=\"lazy\" decoding=\"async\" width=\"130\" height=\"130\" src=\"https:\/\/www.pereira.es\/wp-content\/uploads\/2021\/06\/mayor.png\" class=\"attachment-large size-large\" alt=\"\" \/><\/div><\/div><div class=\"w-separator size_medium\"><\/div><div class=\"wpb_text_column\" ><div class=\"wpb_wrapper\"><h5 style=\"text-align: center;\">Mayor control del producto<\/h5>\n<\/div><\/div><\/div><\/div><\/div><div class=\"vc_col-sm-3 wpb_column vc_column_container\"><div class=\"vc_column-inner\"><div class=\"wpb_wrapper\"><div class=\"w-image align_center animate_fade\" style=\"animation-delay:0.2s\"><div class=\"w-image-h\"><img loading=\"lazy\" decoding=\"async\" width=\"130\" height=\"130\" src=\"https:\/\/www.pereira.es\/wp-content\/uploads\/2021\/06\/red.png\" class=\"attachment-large size-large\" alt=\"\" \/><\/div><\/div><div class=\"w-separator size_medium\"><\/div><div class=\"wpb_text_column\" ><div class=\"wpb_wrapper\"><h5 style=\"text-align: center;\">Red de distribuci\u00f3n m\u00e1s eficiente<\/h5>\n<\/div><\/div><\/div><\/div><\/div><div class=\"vc_col-sm-3 wpb_column vc_column_container\"><div class=\"vc_column-inner\"><div class=\"wpb_wrapper\"><div class=\"w-image align_center animate_fade\" style=\"animation-delay:0.2s\"><div class=\"w-image-h\"><img loading=\"lazy\" decoding=\"async\" width=\"130\" height=\"130\" src=\"https:\/\/www.pereira.es\/wp-content\/uploads\/2021\/06\/operativas.png\" class=\"attachment-large size-large\" alt=\"\" \/><\/div><\/div><div class=\"w-separator size_medium\"><\/div><div class=\"wpb_text_column\" ><div class=\"wpb_wrapper\"><h5 style=\"text-align: center;\">Operativas m\u00e1s seguras<\/h5>\n<\/div><\/div><\/div><\/div><\/div><div class=\"vc_col-sm-3 wpb_column vc_column_container\"><div class=\"vc_column-inner\"><div class=\"wpb_wrapper\"><div class=\"w-image align_center animate_fade\" style=\"animation-delay:0.2s\"><div class=\"w-image-h\"><img loading=\"lazy\" decoding=\"async\" width=\"130\" height=\"130\" src=\"https:\/\/www.pereira.es\/wp-content\/uploads\/2021\/06\/comunicacion.png\" class=\"attachment-large size-large\" alt=\"\" \/><\/div><\/div><div class=\"w-separator size_medium\"><\/div><div class=\"wpb_text_column\" ><div class=\"wpb_wrapper\"><h5 style=\"text-align: center;\">Comunicaci\u00f3n m\u00e1s fluida entre flotas<\/h5>\n<\/div><\/div><\/div><\/div><\/div><\/div><\/div><\/div><\/div><\/div><\/div><\/section>\n","protected":false},"featured_media":788,"template":"","meta":{"_acf_changed":false},"class_list":["post-1423","proyectos_de_i_d_i","type-proyectos_de_i_d_i","status-publish","has-post-thumbnail","hentry"],"acf":[],"yoast_head":"<!-- This site is optimized with the Yoast SEO plugin v27.5 - https:\/\/yoast.com\/product\/yoast-seo-wordpress\/ -->\n<title>Mise en place de la 5G pour la logistique et la gestion de flotte - Pereira Productos del Mar<\/title>\n<meta name=\"robots\" content=\"index, follow, max-snippet:-1, max-image-preview:large, max-video-preview:-1\" \/>\n<link rel=\"canonical\" href=\"https:\/\/www.pereira.es\/fr\/proyectos_de_i_d_i\/mise-en-place-de-la-5g-pour-la-logistique-et-la-gestion-de-flotte\/\" \/>\n<meta property=\"og:locale\" content=\"fr_FR\" \/>\n<meta property=\"og:type\" content=\"article\" \/>\n<meta property=\"og:title\" content=\"Mise en place de la 5G pour la logistique et la gestion de flotte - Pereira Productos del Mar\" \/>\n<meta property=\"og:url\" content=\"https:\/\/www.pereira.es\/fr\/proyectos_de_i_d_i\/mise-en-place-de-la-5g-pour-la-logistique-et-la-gestion-de-flotte\/\" \/>\n<meta property=\"og:site_name\" content=\"Pereira Productos del Mar\" \/>\n<meta property=\"og:image\" content=\"https:\/\/www.pereira.es\/wp-content\/uploads\/2021\/06\/caso.jpeg\" \/>\n\t<meta property=\"og:image:width\" content=\"980\" \/>\n\t<meta property=\"og:image:height\" content=\"450\" \/>\n\t<meta property=\"og:image:type\" content=\"image\/jpeg\" \/>\n<meta name=\"twitter:card\" content=\"summary_large_image\" \/>\n<meta name=\"twitter:label1\" content=\"Dur\u00e9e de lecture estim\u00e9e\" \/>\n\t<meta name=\"twitter:data1\" content=\"2 minutes\" \/>\n<script type=\"application\/ld+json\" class=\"yoast-schema-graph\">{\"@context\":\"https:\\\/\\\/schema.org\",\"@graph\":[{\"@type\":\"WebPage\",\"@id\":\"https:\\\/\\\/www.pereira.es\\\/fr\\\/proyectos_de_i_d_i\\\/mise-en-place-de-la-5g-pour-la-logistique-et-la-gestion-de-flotte\\\/\",\"url\":\"https:\\\/\\\/www.pereira.es\\\/fr\\\/proyectos_de_i_d_i\\\/mise-en-place-de-la-5g-pour-la-logistique-et-la-gestion-de-flotte\\\/\",\"name\":\"Mise en place de la 5G pour la logistique et la gestion de flotte - Pereira Productos del Mar\",\"isPartOf\":{\"@id\":\"https:\\\/\\\/www.pereira.es\\\/#website\"},\"primaryImageOfPage\":{\"@id\":\"https:\\\/\\\/www.pereira.es\\\/fr\\\/proyectos_de_i_d_i\\\/mise-en-place-de-la-5g-pour-la-logistique-et-la-gestion-de-flotte\\\/#primaryimage\"},\"image\":{\"@id\":\"https:\\\/\\\/www.pereira.es\\\/fr\\\/proyectos_de_i_d_i\\\/mise-en-place-de-la-5g-pour-la-logistique-et-la-gestion-de-flotte\\\/#primaryimage\"},\"thumbnailUrl\":\"https:\\\/\\\/www.pereira.es\\\/wp-content\\\/uploads\\\/2021\\\/06\\\/caso.jpeg\",\"datePublished\":\"2021-07-22T06:43:13+00:00\",\"breadcrumb\":{\"@id\":\"https:\\\/\\\/www.pereira.es\\\/fr\\\/proyectos_de_i_d_i\\\/mise-en-place-de-la-5g-pour-la-logistique-et-la-gestion-de-flotte\\\/#breadcrumb\"},\"inLanguage\":\"fr-FR\",\"potentialAction\":[{\"@type\":\"ReadAction\",\"target\":[\"https:\\\/\\\/www.pereira.es\\\/fr\\\/proyectos_de_i_d_i\\\/mise-en-place-de-la-5g-pour-la-logistique-et-la-gestion-de-flotte\\\/\"]}]},{\"@type\":\"ImageObject\",\"inLanguage\":\"fr-FR\",\"@id\":\"https:\\\/\\\/www.pereira.es\\\/fr\\\/proyectos_de_i_d_i\\\/mise-en-place-de-la-5g-pour-la-logistique-et-la-gestion-de-flotte\\\/#primaryimage\",\"url\":\"https:\\\/\\\/www.pereira.es\\\/wp-content\\\/uploads\\\/2021\\\/06\\\/caso.jpeg\",\"contentUrl\":\"https:\\\/\\\/www.pereira.es\\\/wp-content\\\/uploads\\\/2021\\\/06\\\/caso.jpeg\",\"width\":980,\"height\":450},{\"@type\":\"BreadcrumbList\",\"@id\":\"https:\\\/\\\/www.pereira.es\\\/fr\\\/proyectos_de_i_d_i\\\/mise-en-place-de-la-5g-pour-la-logistique-et-la-gestion-de-flotte\\\/#breadcrumb\",\"itemListElement\":[{\"@type\":\"ListItem\",\"position\":1,\"name\":\"Portada\",\"item\":\"https:\\\/\\\/www.pereira.es\\\/fr\\\/\"},{\"@type\":\"ListItem\",\"position\":2,\"name\":\"Proyectos I+D+i\",\"item\":\"https:\\\/\\\/www.pereira.es\\\/it\\\/proyectos_de_i_d_i\\\/\"},{\"@type\":\"ListItem\",\"position\":3,\"name\":\"Mise en place de la 5G pour la logistique et la gestion de flotte\"}]},{\"@type\":\"WebSite\",\"@id\":\"https:\\\/\\\/www.pereira.es\\\/#website\",\"url\":\"https:\\\/\\\/www.pereira.es\\\/\",\"name\":\"Pereira Productos del Mar\",\"description\":\"\",\"potentialAction\":[{\"@type\":\"SearchAction\",\"target\":{\"@type\":\"EntryPoint\",\"urlTemplate\":\"https:\\\/\\\/www.pereira.es\\\/?s={search_term_string}\"},\"query-input\":{\"@type\":\"PropertyValueSpecification\",\"valueRequired\":true,\"valueName\":\"search_term_string\"}}],\"inLanguage\":\"fr-FR\"}]}<\/script>\n<!-- \/ Yoast SEO plugin. -->","yoast_head_json":{"title":"Mise en place de la 5G pour la logistique et la gestion de flotte - Pereira Productos del Mar","robots":{"index":"index","follow":"follow","max-snippet":"max-snippet:-1","max-image-preview":"max-image-preview:large","max-video-preview":"max-video-preview:-1"},"canonical":"https:\/\/www.pereira.es\/fr\/proyectos_de_i_d_i\/mise-en-place-de-la-5g-pour-la-logistique-et-la-gestion-de-flotte\/","og_locale":"fr_FR","og_type":"article","og_title":"Mise en place de la 5G pour la logistique et la gestion de flotte - Pereira Productos del Mar","og_url":"https:\/\/www.pereira.es\/fr\/proyectos_de_i_d_i\/mise-en-place-de-la-5g-pour-la-logistique-et-la-gestion-de-flotte\/","og_site_name":"Pereira Productos del Mar","og_image":[{"width":980,"height":450,"url":"https:\/\/www.pereira.es\/wp-content\/uploads\/2021\/06\/caso.jpeg","type":"image\/jpeg"}],"twitter_card":"summary_large_image","twitter_misc":{"Dur\u00e9e de lecture estim\u00e9e":"2 minutes"},"schema":{"@context":"https:\/\/schema.org","@graph":[{"@type":"WebPage","@id":"https:\/\/www.pereira.es\/fr\/proyectos_de_i_d_i\/mise-en-place-de-la-5g-pour-la-logistique-et-la-gestion-de-flotte\/","url":"https:\/\/www.pereira.es\/fr\/proyectos_de_i_d_i\/mise-en-place-de-la-5g-pour-la-logistique-et-la-gestion-de-flotte\/","name":"Mise en place de la 5G pour la logistique et la gestion de flotte - Pereira Productos del Mar","isPartOf":{"@id":"https:\/\/www.pereira.es\/#website"},"primaryImageOfPage":{"@id":"https:\/\/www.pereira.es\/fr\/proyectos_de_i_d_i\/mise-en-place-de-la-5g-pour-la-logistique-et-la-gestion-de-flotte\/#primaryimage"},"image":{"@id":"https:\/\/www.pereira.es\/fr\/proyectos_de_i_d_i\/mise-en-place-de-la-5g-pour-la-logistique-et-la-gestion-de-flotte\/#primaryimage"},"thumbnailUrl":"https:\/\/www.pereira.es\/wp-content\/uploads\/2021\/06\/caso.jpeg","datePublished":"2021-07-22T06:43:13+00:00","breadcrumb":{"@id":"https:\/\/www.pereira.es\/fr\/proyectos_de_i_d_i\/mise-en-place-de-la-5g-pour-la-logistique-et-la-gestion-de-flotte\/#breadcrumb"},"inLanguage":"fr-FR","potentialAction":[{"@type":"ReadAction","target":["https:\/\/www.pereira.es\/fr\/proyectos_de_i_d_i\/mise-en-place-de-la-5g-pour-la-logistique-et-la-gestion-de-flotte\/"]}]},{"@type":"ImageObject","inLanguage":"fr-FR","@id":"https:\/\/www.pereira.es\/fr\/proyectos_de_i_d_i\/mise-en-place-de-la-5g-pour-la-logistique-et-la-gestion-de-flotte\/#primaryimage","url":"https:\/\/www.pereira.es\/wp-content\/uploads\/2021\/06\/caso.jpeg","contentUrl":"https:\/\/www.pereira.es\/wp-content\/uploads\/2021\/06\/caso.jpeg","width":980,"height":450},{"@type":"BreadcrumbList","@id":"https:\/\/www.pereira.es\/fr\/proyectos_de_i_d_i\/mise-en-place-de-la-5g-pour-la-logistique-et-la-gestion-de-flotte\/#breadcrumb","itemListElement":[{"@type":"ListItem","position":1,"name":"Portada","item":"https:\/\/www.pereira.es\/fr\/"},{"@type":"ListItem","position":2,"name":"Proyectos I+D+i","item":"https:\/\/www.pereira.es\/it\/proyectos_de_i_d_i\/"},{"@type":"ListItem","position":3,"name":"Mise en place de la 5G pour la logistique et la gestion de flotte"}]},{"@type":"WebSite","@id":"https:\/\/www.pereira.es\/#website","url":"https:\/\/www.pereira.es\/","name":"Pereira Productos del Mar","description":"","potentialAction":[{"@type":"SearchAction","target":{"@type":"EntryPoint","urlTemplate":"https:\/\/www.pereira.es\/?s={search_term_string}"},"query-input":{"@type":"PropertyValueSpecification","valueRequired":true,"valueName":"search_term_string"}}],"inLanguage":"fr-FR"}]}},"_links":{"self":[{"href":"https:\/\/www.pereira.es\/fr\/wp-json\/wp\/v2\/proyectos_de_i_d_i\/1423","targetHints":{"allow":["GET"]}}],"collection":[{"href":"https:\/\/www.pereira.es\/fr\/wp-json\/wp\/v2\/proyectos_de_i_d_i"}],"about":[{"href":"https:\/\/www.pereira.es\/fr\/wp-json\/wp\/v2\/types\/proyectos_de_i_d_i"}],"wp:featuredmedia":[{"embeddable":true,"href":"https:\/\/www.pereira.es\/fr\/wp-json\/wp\/v2\/media\/788"}],"wp:attachment":[{"href":"https:\/\/www.pereira.es\/fr\/wp-json\/wp\/v2\/media?parent=1423"}],"curies":[{"name":"wp","href":"https:\/\/api.w.org\/{rel}","templated":true}]}}